{"id":10440,"date":"2025-10-07T00:31:41","date_gmt":"2025-10-07T03:31:41","guid":{"rendered":"https:\/\/www.federacionfaera.org\/sitio\/?page_id=10440"},"modified":"2025-10-07T17:24:28","modified_gmt":"2025-10-07T20:24:28","slug":"asociados-2","status":"publish","type":"page","link":"https:\/\/www.federacionfaera.org\/sitio\/asociados-2\/","title":{"rendered":"Comisi\u00f3n Directiva FAERA"},"content":{"rendered":"\t\t<div data-elementor-type=\"wp-post\" data-elementor-id=\"10440\" class=\"elementor elementor-10440\">\n\t\t\t\t\t\t<section class=\"elementor-section elementor-top-section elementor-element elementor-element-3521f95d elementor-section-boxed elementor-section-height-default elementor-section-height-default wd-section-disabled\" data-id=\"3521f95d\" data-element_type=\"section\" data-e-type=\"section\" data-settings=\"{&quot;ekit_has_onepagescroll_dot&quot;:&quot;yes&quot;}\">\n\t\t\t\t\t\t<div class=\"elementor-container elementor-column-gap-default\">\n\t\t\t\t\t<div class=\"elementor-column elementor-col-100 elementor-top-column elementor-element elementor-element-72d0e6aa\" data-id=\"72d0e6aa\" data-element_type=\"column\" data-e-type=\"column\">\n\t\t\t<div class=\"elementor-widget-wrap elementor-element-populated\">\n\t\t\t\t\t\t<section class=\"elementor-section elementor-inner-section elementor-element elementor-element-5c01858d elementor-section-boxed elementor-section-height-default elementor-section-height-default wd-section-disabled\" data-id=\"5c01858d\" data-element_type=\"section\" data-e-type=\"section\" data-settings=\"{&quot;ekit_has_onepagescroll_dot&quot;:&quot;yes&quot;}\">\n\t\t\t\t\t\t<div class=\"elementor-container elementor-column-gap-default\">\n\t\t\t\t\t<div class=\"elementor-column elementor-col-33 elementor-inner-column elementor-element elementor-element-2b890d66\" data-id=\"2b890d66\" data-element_type=\"column\" data-e-type=\"column\">\n\t\t\t<div class=\"elementor-widget-wrap elementor-element-populated\">\n\t\t\t\t\t\t<div class=\"elementor-element elementor-element-2c6424a3 elementor-widget elementor-widget-pp-team-member\" data-id=\"2c6424a3\" data-element_type=\"widget\" data-e-type=\"widget\" data-settings=\"{&quot;ekit_we_effect_on&quot;:&quot;none&quot;}\" data-widget_type=\"pp-team-member.default\">\n\t\t\t\t<div class=\"elementor-widget-container\">\n\t\t\t\t\t\t\t<div class=\"pp-tm-wrapper\">\n\t\t\t<div class=\"pp-tm\">\n\t\t\t\t<div class=\"pp-tm-image\"> \n\t\t\t\t\t<img fetchpriority=\"high\" decoding=\"async\" width=\"768\" height=\"576\" src=\"https:\/\/www.federacionfaera.org\/sitio\/wp-content\/uploads\/2024\/04\/Horacio-Lopez-sdb-768x576.jpeg\" class=\"attachment-medium_large size-medium_large wp-image-10190\" alt=\"\" srcset=\"https:\/\/www.federacionfaera.org\/sitio\/wp-content\/uploads\/2024\/04\/Horacio-Lopez-sdb-768x576.jpeg 768w, https:\/\/www.federacionfaera.org\/sitio\/wp-content\/uploads\/2024\/04\/Horacio-Lopez-sdb-400x300.jpeg 400w, https:\/\/www.federacionfaera.org\/sitio\/wp-content\/uploads\/2024\/04\/Horacio-Lopez-sdb-1067x800.jpeg 1067w, https:\/\/www.federacionfaera.org\/sitio\/wp-content\/uploads\/2024\/04\/Horacio-Lopez-sdb-1536x1152.jpeg 1536w, https:\/\/www.federacionfaera.org\/sitio\/wp-content\/uploads\/2024\/04\/Horacio-Lopez-sdb.jpeg 1600w\" sizes=\"(max-width: 768px) 100vw, 768px\" \/>\n\t\t\t\t\t\t\t\t\t<\/div>\n\t\t\t\t<div class=\"pp-tm-content pp-tm-content-normal\">\n\t\t\t\t\t\t\t\t\t<h4 class=\"pp-tm-name\">\n\t\t\t\t\t\tP. Horacio L\u00f3pez SDB\t\t\t\t<\/h4>\n\t\t\t\t\t\t\t<div class=\"pp-tm-position\">\n\t\t\t\tPRESIDENTE\t\t\t<\/div>\n\t\t\t\t\t\t<div class=\"pp-tm-position-divider-wrap\">\n\t\t\t\t<div class=\"pp-tm-divider pp-tm-position-divider\"><\/div>\n\t\t\t<\/div>\n\t\t\t\t\t\t\t<\/div>\n\t\t\t<\/div>\n\t\t<\/div>\n\t\t\t\t\t\t<\/div>\n\t\t\t\t<\/div>\n\t\t\t\t\t<\/div>\n\t\t<\/div>\n\t\t\t\t<div class=\"elementor-column elementor-col-33 elementor-inner-column elementor-element elementor-element-7363b6cd\" data-id=\"7363b6cd\" data-element_type=\"column\" data-e-type=\"column\">\n\t\t\t<div class=\"elementor-widget-wrap elementor-element-populated\">\n\t\t\t\t\t\t<div class=\"elementor-element elementor-element-11f5f356 elementor-widget elementor-widget-pp-team-member\" data-id=\"11f5f356\" data-element_type=\"widget\" data-e-type=\"widget\" data-settings=\"{&quot;ekit_we_effect_on&quot;:&quot;none&quot;}\" data-widget_type=\"pp-team-member.default\">\n\t\t\t\t<div class=\"elementor-widget-container\">\n\t\t\t\t\t\t\t<div class=\"pp-tm-wrapper\">\n\t\t\t<div class=\"pp-tm\">\n\t\t\t\t<div class=\"pp-tm-image\"> \n\t\t\t\t\t<img decoding=\"async\" width=\"768\" height=\"768\" src=\"https:\/\/www.federacionfaera.org\/sitio\/wp-content\/uploads\/2024\/04\/Perfil-institucional-FAERA.Sergio-Franco-768x768.jpg\" class=\"attachment-medium_large size-medium_large wp-image-10187\" alt=\"\" srcset=\"https:\/\/www.federacionfaera.org\/sitio\/wp-content\/uploads\/2024\/04\/Perfil-institucional-FAERA.Sergio-Franco-768x768.jpg 768w, https:\/\/www.federacionfaera.org\/sitio\/wp-content\/uploads\/2024\/04\/Perfil-institucional-FAERA.Sergio-Franco-300x300.jpg 300w, https:\/\/www.federacionfaera.org\/sitio\/wp-content\/uploads\/2024\/04\/Perfil-institucional-FAERA.Sergio-Franco-800x800.jpg 800w, https:\/\/www.federacionfaera.org\/sitio\/wp-content\/uploads\/2024\/04\/Perfil-institucional-FAERA.Sergio-Franco-150x150.jpg 150w, https:\/\/www.federacionfaera.org\/sitio\/wp-content\/uploads\/2024\/04\/Perfil-institucional-FAERA.Sergio-Franco-1536x1536.jpg 1536w, https:\/\/www.federacionfaera.org\/sitio\/wp-content\/uploads\/2024\/04\/Perfil-institucional-FAERA.Sergio-Franco-2048x2048.jpg 2048w\" sizes=\"(max-width: 768px) 100vw, 768px\" \/>\n\t\t\t\t\t\t\t\t\t<\/div>\n\t\t\t\t<div class=\"pp-tm-content pp-tm-content-normal\">\n\t\t\t\t\t\t\t\t\t<h4 class=\"pp-tm-name\">\n\t\t\t\t\t\tHno. Sergio Franco FSC\t\t\t\t<\/h4>\n\t\t\t\t\t\t\t<div class=\"pp-tm-position\">\n\t\t\t\tVICEPRESIDENTE\t\t\t<\/div>\n\t\t\t\t\t\t<div class=\"pp-tm-position-divider-wrap\">\n\t\t\t\t<div class=\"pp-tm-divider pp-tm-position-divider\"><\/div>\n\t\t\t<\/div>\n\t\t\t\t\t\t\t<\/div>\n\t\t\t<\/div>\n\t\t<\/div>\n\t\t\t\t\t\t<\/div>\n\t\t\t\t<\/div>\n\t\t\t\t\t<\/div>\n\t\t<\/div>\n\t\t\t\t<div class=\"elementor-column elementor-col-33 elementor-inner-column elementor-element elementor-element-7701f416\" data-id=\"7701f416\" data-element_type=\"column\" data-e-type=\"column\">\n\t\t\t<div class=\"elementor-widget-wrap elementor-element-populated\">\n\t\t\t\t\t\t<div class=\"elementor-element elementor-element-3b2dea74 elementor-widget elementor-widget-pp-team-member\" data-id=\"3b2dea74\" data-element_type=\"widget\" data-e-type=\"widget\" data-settings=\"{&quot;ekit_we_effect_on&quot;:&quot;none&quot;}\" data-widget_type=\"pp-team-member.default\">\n\t\t\t\t<div class=\"elementor-widget-container\">\n\t\t\t\t\t\t\t<div class=\"pp-tm-wrapper\">\n\t\t\t<div class=\"pp-tm\">\n\t\t\t\t<div class=\"pp-tm-image\"> \n\t\t\t\t\t<img decoding=\"async\" width=\"768\" height=\"823\" src=\"https:\/\/www.federacionfaera.org\/sitio\/wp-content\/uploads\/2024\/04\/Andrea-Sensi.Vocal-Suplente-768x823.jpg\" class=\"attachment-medium_large size-medium_large wp-image-10195\" alt=\"\" srcset=\"https:\/\/www.federacionfaera.org\/sitio\/wp-content\/uploads\/2024\/04\/Andrea-Sensi.Vocal-Suplente-768x823.jpg 768w, https:\/\/www.federacionfaera.org\/sitio\/wp-content\/uploads\/2024\/04\/Andrea-Sensi.Vocal-Suplente-280x300.jpg 280w, https:\/\/www.federacionfaera.org\/sitio\/wp-content\/uploads\/2024\/04\/Andrea-Sensi.Vocal-Suplente-747x800.jpg 747w, https:\/\/www.federacionfaera.org\/sitio\/wp-content\/uploads\/2024\/04\/Andrea-Sensi.Vocal-Suplente-1434x1536.jpg 1434w, https:\/\/www.federacionfaera.org\/sitio\/wp-content\/uploads\/2024\/04\/Andrea-Sensi.Vocal-Suplente-1912x2048.jpg 1912w\" sizes=\"(max-width: 768px) 100vw, 768px\" \/>\n\t\t\t\t\t\t\t\t\t<\/div>\n\t\t\t\t<div class=\"pp-tm-content pp-tm-content-normal\">\n\t\t\t\t\t\t\t\t\t<h4 class=\"pp-tm-name\">\n\t\t\t\t\t\tSra. Andrea Sensi \u2013 Hijas de Mar\u00eda Auxiliadora\t\t\t\t<\/h4>\n\t\t\t\t\t\t\t<div class=\"pp-tm-position\">\n\t\t\t\tSECRETARIA\t\t\t<\/div>\n\t\t\t\t\t\t<div class=\"pp-tm-position-divider-wrap\">\n\t\t\t\t<div class=\"pp-tm-divider pp-tm-position-divider\"><\/div>\n\t\t\t<\/div>\n\t\t\t\t\t\t\t<\/div>\n\t\t\t<\/div>\n\t\t<\/div>\n\t\t\t\t\t\t<\/div>\n\t\t\t\t<\/div>\n\t\t\t\t\t<\/div>\n\t\t<\/div>\n\t\t\t\t\t<\/div>\n\t\t<\/section>\n\t\t\t\t<section class=\"elementor-section elementor-inner-section elementor-element elementor-element-54d11ca elementor-section-boxed elementor-section-height-default elementor-section-height-default wd-section-disabled\" data-id=\"54d11ca\" data-element_type=\"section\" data-e-type=\"section\" data-settings=\"{&quot;ekit_has_onepagescroll_dot&quot;:&quot;yes&quot;}\">\n\t\t\t\t\t\t<div class=\"elementor-container elementor-column-gap-default\">\n\t\t\t\t\t<div class=\"elementor-column elementor-col-33 elementor-inner-column elementor-element elementor-element-b124aa7\" data-id=\"b124aa7\" data-element_type=\"column\" data-e-type=\"column\">\n\t\t\t<div class=\"elementor-widget-wrap elementor-element-populated\">\n\t\t\t\t\t\t<div class=\"elementor-element elementor-element-12550be elementor-widget elementor-widget-pp-team-member\" data-id=\"12550be\" data-element_type=\"widget\" data-e-type=\"widget\" data-settings=\"{&quot;ekit_we_effect_on&quot;:&quot;none&quot;}\" data-widget_type=\"pp-team-member.default\">\n\t\t\t\t<div class=\"elementor-widget-container\">\n\t\t\t\t\t\t\t<div class=\"pp-tm-wrapper\">\n\t\t\t<div class=\"pp-tm\">\n\t\t\t\t<div class=\"pp-tm-image\"> \n\t\t\t\t\t<img loading=\"lazy\" decoding=\"async\" width=\"768\" height=\"768\" src=\"https:\/\/www.federacionfaera.org\/sitio\/wp-content\/uploads\/2022\/12\/Hno.-Victor-Hirch-768x768.jpg\" class=\"attachment-medium_large size-medium_large wp-image-9311\" alt=\"\" srcset=\"https:\/\/www.federacionfaera.org\/sitio\/wp-content\/uploads\/2022\/12\/Hno.-Victor-Hirch-768x768.jpg 768w, https:\/\/www.federacionfaera.org\/sitio\/wp-content\/uploads\/2022\/12\/Hno.-Victor-Hirch-300x300.jpg 300w, https:\/\/www.federacionfaera.org\/sitio\/wp-content\/uploads\/2022\/12\/Hno.-Victor-Hirch-800x800.jpg 800w, https:\/\/www.federacionfaera.org\/sitio\/wp-content\/uploads\/2022\/12\/Hno.-Victor-Hirch-150x150.jpg 150w, https:\/\/www.federacionfaera.org\/sitio\/wp-content\/uploads\/2022\/12\/Hno.-Victor-Hirch-1536x1536.jpg 1536w, https:\/\/www.federacionfaera.org\/sitio\/wp-content\/uploads\/2022\/12\/Hno.-Victor-Hirch.jpg 1702w\" sizes=\"(max-width: 768px) 100vw, 768px\" \/>\n\t\t\t\t\t\t\t\t\t<\/div>\n\t\t\t\t<div class=\"pp-tm-content pp-tm-content-normal\">\n\t\t\t\t\t\t\t\t\t<h4 class=\"pp-tm-name\">\n\t\t\t\t\t\tHno. Victor Hirch SVD\u200b\t\t\t\t<\/h4>\n\t\t\t\t\t\t\t<div class=\"pp-tm-position\">\n\t\t\t\tTESORERO\t\t\t<\/div>\n\t\t\t\t\t\t<div class=\"pp-tm-position-divider-wrap\">\n\t\t\t\t<div class=\"pp-tm-divider pp-tm-position-divider\"><\/div>\n\t\t\t<\/div>\n\t\t\t\t\t\t\t<\/div>\n\t\t\t<\/div>\n\t\t<\/div>\n\t\t\t\t\t\t<\/div>\n\t\t\t\t<\/div>\n\t\t\t\t\t<\/div>\n\t\t<\/div>\n\t\t\t\t<div class=\"elementor-column elementor-col-33 elementor-inner-column elementor-element elementor-element-0baad15\" data-id=\"0baad15\" data-element_type=\"column\" data-e-type=\"column\">\n\t\t\t<div class=\"elementor-widget-wrap elementor-element-populated\">\n\t\t\t\t\t\t<div class=\"elementor-element elementor-element-18f6720 elementor-widget elementor-widget-pp-team-member\" data-id=\"18f6720\" data-element_type=\"widget\" data-e-type=\"widget\" data-settings=\"{&quot;ekit_we_effect_on&quot;:&quot;none&quot;}\" data-widget_type=\"pp-team-member.default\">\n\t\t\t\t<div class=\"elementor-widget-container\">\n\t\t\t\t\t\t\t<div class=\"pp-tm-wrapper\">\n\t\t\t<div class=\"pp-tm\">\n\t\t\t\t<div class=\"pp-tm-image\"> \n\t\t\t\t\t<img loading=\"lazy\" decoding=\"async\" width=\"768\" height=\"768\" src=\"https:\/\/www.federacionfaera.org\/sitio\/wp-content\/uploads\/2024\/04\/Maria-Lucia-Cantini-HMA-768x768.jpg\" class=\"attachment-medium_large size-medium_large wp-image-10188\" alt=\"\" srcset=\"https:\/\/www.federacionfaera.org\/sitio\/wp-content\/uploads\/2024\/04\/Maria-Lucia-Cantini-HMA-768x768.jpg 768w, https:\/\/www.federacionfaera.org\/sitio\/wp-content\/uploads\/2024\/04\/Maria-Lucia-Cantini-HMA-300x300.jpg 300w, https:\/\/www.federacionfaera.org\/sitio\/wp-content\/uploads\/2024\/04\/Maria-Lucia-Cantini-HMA-800x800.jpg 800w, https:\/\/www.federacionfaera.org\/sitio\/wp-content\/uploads\/2024\/04\/Maria-Lucia-Cantini-HMA-150x150.jpg 150w, https:\/\/www.federacionfaera.org\/sitio\/wp-content\/uploads\/2024\/04\/Maria-Lucia-Cantini-HMA.jpg 1020w\" sizes=\"(max-width: 768px) 100vw, 768px\" \/>\n\t\t\t\t\t\t\t\t\t<\/div>\n\t\t\t\t<div class=\"pp-tm-content pp-tm-content-normal\">\n\t\t\t\t\t\t\t\t\t<h4 class=\"pp-tm-name\">\n\t\t\t\t\t\tHna. Mar\u00eda Luc\u00eda Cantini HMA\u200b\t\t\t\t<\/h4>\n\t\t\t\t\t\t\t<div class=\"pp-tm-position\">\n\t\t\t\tVOCAL TITULAR\t\t\t<\/div>\n\t\t\t\t\t\t<div class=\"pp-tm-position-divider-wrap\">\n\t\t\t\t<div class=\"pp-tm-divider pp-tm-position-divider\"><\/div>\n\t\t\t<\/div>\n\t\t\t\t\t\t\t<\/div>\n\t\t\t<\/div>\n\t\t<\/div>\n\t\t\t\t\t\t<\/div>\n\t\t\t\t<\/div>\n\t\t\t\t\t<\/div>\n\t\t<\/div>\n\t\t\t\t<div class=\"elementor-column elementor-col-33 elementor-inner-column elementor-element elementor-element-a82c9f7\" data-id=\"a82c9f7\" data-element_type=\"column\" data-e-type=\"column\">\n\t\t\t<div class=\"elementor-widget-wrap elementor-element-populated\">\n\t\t\t\t\t\t<div class=\"elementor-element elementor-element-4c523bf elementor-widget elementor-widget-pp-team-member\" data-id=\"4c523bf\" data-element_type=\"widget\" data-e-type=\"widget\" data-settings=\"{&quot;ekit_we_effect_on&quot;:&quot;none&quot;}\" data-widget_type=\"pp-team-member.default\">\n\t\t\t\t<div class=\"elementor-widget-container\">\n\t\t\t\t\t\t\t<div class=\"pp-tm-wrapper\">\n\t\t\t<div class=\"pp-tm\">\n\t\t\t\t<div class=\"pp-tm-image\"> \n\t\t\t\t\t<img loading=\"lazy\" decoding=\"async\" width=\"768\" height=\"765\" src=\"https:\/\/www.federacionfaera.org\/sitio\/wp-content\/uploads\/2022\/12\/Santiago-Peluso-1-768x765.jpg\" class=\"attachment-medium_large size-medium_large wp-image-9328\" alt=\"\" srcset=\"https:\/\/www.federacionfaera.org\/sitio\/wp-content\/uploads\/2022\/12\/Santiago-Peluso-1-768x765.jpg 768w, https:\/\/www.federacionfaera.org\/sitio\/wp-content\/uploads\/2022\/12\/Santiago-Peluso-1-301x300.jpg 301w, https:\/\/www.federacionfaera.org\/sitio\/wp-content\/uploads\/2022\/12\/Santiago-Peluso-1-803x800.jpg 803w, https:\/\/www.federacionfaera.org\/sitio\/wp-content\/uploads\/2022\/12\/Santiago-Peluso-1-150x150.jpg 150w, https:\/\/www.federacionfaera.org\/sitio\/wp-content\/uploads\/2022\/12\/Santiago-Peluso-1-1536x1531.jpg 1536w, https:\/\/www.federacionfaera.org\/sitio\/wp-content\/uploads\/2022\/12\/Santiago-Peluso-1.jpg 1708w\" sizes=\"(max-width: 768px) 100vw, 768px\" \/>\n\t\t\t\t\t\t\t\t\t<\/div>\n\t\t\t\t<div class=\"pp-tm-content pp-tm-content-normal\">\n\t\t\t\t\t\t\t\t\t<h4 class=\"pp-tm-name\">\n\t\t\t\t\t\tLic. Santiago Peluso \u2013 REM \u2013 Red Educativa Marianista\u200b\t\t\t\t<\/h4>\n\t\t\t\t\t\t\t<div class=\"pp-tm-position\">\n\t\t\t\tVOCAL TITULAR\t\t\t<\/div>\n\t\t\t\t\t\t<div class=\"pp-tm-position-divider-wrap\">\n\t\t\t\t<div class=\"pp-tm-divider pp-tm-position-divider\"><\/div>\n\t\t\t<\/div>\n\t\t\t\t\t\t\t<\/div>\n\t\t\t<\/div>\n\t\t<\/div>\n\t\t\t\t\t\t<\/div>\n\t\t\t\t<\/div>\n\t\t\t\t\t<\/div>\n\t\t<\/div>\n\t\t\t\t\t<\/div>\n\t\t<\/section>\n\t\t\t\t<section class=\"elementor-section elementor-inner-section elementor-element elementor-element-c3b587b elementor-section-boxed elementor-section-height-default elementor-section-height-default wd-section-disabled\" data-id=\"c3b587b\" data-element_type=\"section\" data-e-type=\"section\" data-settings=\"{&quot;ekit_has_onepagescroll_dot&quot;:&quot;yes&quot;}\">\n\t\t\t\t\t\t<div class=\"elementor-container elementor-column-gap-default\">\n\t\t\t\t\t<div class=\"elementor-column elementor-col-33 elementor-inner-column elementor-element elementor-element-25b76f2\" data-id=\"25b76f2\" data-element_type=\"column\" data-e-type=\"column\">\n\t\t\t<div class=\"elementor-widget-wrap elementor-element-populated\">\n\t\t\t\t\t\t<div class=\"elementor-element elementor-element-70ed832 elementor-widget elementor-widget-pp-team-member\" data-id=\"70ed832\" data-element_type=\"widget\" data-e-type=\"widget\" data-settings=\"{&quot;ekit_we_effect_on&quot;:&quot;none&quot;}\" data-widget_type=\"pp-team-member.default\">\n\t\t\t\t<div class=\"elementor-widget-container\">\n\t\t\t\t\t\t\t<div class=\"pp-tm-wrapper\">\n\t\t\t<div class=\"pp-tm\">\n\t\t\t\t<div class=\"pp-tm-image\"> \n\t\t\t\t\t<img loading=\"lazy\" decoding=\"async\" width=\"768\" height=\"921\" src=\"https:\/\/www.federacionfaera.org\/sitio\/wp-content\/uploads\/2024\/04\/P.Marcelo-Benitez.Vocal-Titular-768x921.png\" class=\"attachment-medium_large size-medium_large wp-image-10200\" alt=\"\" srcset=\"https:\/\/www.federacionfaera.org\/sitio\/wp-content\/uploads\/2024\/04\/P.Marcelo-Benitez.Vocal-Titular-768x921.png 768w, https:\/\/www.federacionfaera.org\/sitio\/wp-content\/uploads\/2024\/04\/P.Marcelo-Benitez.Vocal-Titular-250x300.png 250w, https:\/\/www.federacionfaera.org\/sitio\/wp-content\/uploads\/2024\/04\/P.Marcelo-Benitez.Vocal-Titular-667x800.png 667w, https:\/\/www.federacionfaera.org\/sitio\/wp-content\/uploads\/2024\/04\/P.Marcelo-Benitez.Vocal-Titular-1281x1536.png 1281w, https:\/\/www.federacionfaera.org\/sitio\/wp-content\/uploads\/2024\/04\/P.Marcelo-Benitez.Vocal-Titular-1708x2048.png 1708w, https:\/\/www.federacionfaera.org\/sitio\/wp-content\/uploads\/2024\/04\/P.Marcelo-Benitez.Vocal-Titular.png 1868w\" sizes=\"(max-width: 768px) 100vw, 768px\" \/>\n\t\t\t\t\t\t\t\t\t<\/div>\n\t\t\t\t<div class=\"pp-tm-content pp-tm-content-normal\">\n\t\t\t\t\t\t\t\t\t<h4 class=\"pp-tm-name\">\n\t\t\t\t\t\tP. Marcelo Ben\u00edtez SchP\t\t\t\t<\/h4>\n\t\t\t\t\t\t\t<div class=\"pp-tm-position\">\n\t\t\t\tVOCAL TITULAR\t\t\t<\/div>\n\t\t\t\t\t\t<div class=\"pp-tm-position-divider-wrap\">\n\t\t\t\t<div class=\"pp-tm-divider pp-tm-position-divider\"><\/div>\n\t\t\t<\/div>\n\t\t\t\t\t\t\t<\/div>\n\t\t\t<\/div>\n\t\t<\/div>\n\t\t\t\t\t\t<\/div>\n\t\t\t\t<\/div>\n\t\t\t\t\t<\/div>\n\t\t<\/div>\n\t\t\t\t<div class=\"elementor-column elementor-col-33 elementor-inner-column elementor-element elementor-element-bd61a9d\" data-id=\"bd61a9d\" data-element_type=\"column\" data-e-type=\"column\">\n\t\t\t<div class=\"elementor-widget-wrap elementor-element-populated\">\n\t\t\t\t\t\t<div class=\"elementor-element elementor-element-2eebcbc elementor-widget elementor-widget-pp-team-member\" data-id=\"2eebcbc\" data-element_type=\"widget\" data-e-type=\"widget\" data-settings=\"{&quot;ekit_we_effect_on&quot;:&quot;none&quot;}\" data-widget_type=\"pp-team-member.default\">\n\t\t\t\t<div class=\"elementor-widget-container\">\n\t\t\t\t\t\t\t<div class=\"pp-tm-wrapper\">\n\t\t\t<div class=\"pp-tm\">\n\t\t\t\t<div class=\"pp-tm-image\"> \n\t\t\t\t\t<img loading=\"lazy\" decoding=\"async\" width=\"768\" height=\"932\" src=\"https:\/\/www.federacionfaera.org\/sitio\/wp-content\/uploads\/2024\/04\/Hna.-Maria-Cristina-Mandali.-Vocal-Suplente-768x932.jpg\" class=\"attachment-medium_large size-medium_large wp-image-10201\" alt=\"\" srcset=\"https:\/\/www.federacionfaera.org\/sitio\/wp-content\/uploads\/2024\/04\/Hna.-Maria-Cristina-Mandali.-Vocal-Suplente-768x932.jpg 768w, https:\/\/www.federacionfaera.org\/sitio\/wp-content\/uploads\/2024\/04\/Hna.-Maria-Cristina-Mandali.-Vocal-Suplente-247x300.jpg 247w, https:\/\/www.federacionfaera.org\/sitio\/wp-content\/uploads\/2024\/04\/Hna.-Maria-Cristina-Mandali.-Vocal-Suplente-659x800.jpg 659w, https:\/\/www.federacionfaera.org\/sitio\/wp-content\/uploads\/2024\/04\/Hna.-Maria-Cristina-Mandali.-Vocal-Suplente-1265x1536.jpg 1265w, https:\/\/www.federacionfaera.org\/sitio\/wp-content\/uploads\/2024\/04\/Hna.-Maria-Cristina-Mandali.-Vocal-Suplente.jpg 1318w\" sizes=\"(max-width: 768px) 100vw, 768px\" \/>\n\t\t\t\t\t\t\t\t\t<\/div>\n\t\t\t\t<div class=\"pp-tm-content pp-tm-content-normal\">\n\t\t\t\t\t\t\t\t\t<h4 class=\"pp-tm-name\">\n\t\t\t\t\t\tHna. Mar\u00eda Cristina Mandali SSpS\t\t\t\t<\/h4>\n\t\t\t\t\t\t\t<div class=\"pp-tm-position\">\n\t\t\t\tVOCAL SUPLENTE\t\t\t<\/div>\n\t\t\t\t\t\t<div class=\"pp-tm-position-divider-wrap\">\n\t\t\t\t<div class=\"pp-tm-divider pp-tm-position-divider\"><\/div>\n\t\t\t<\/div>\n\t\t\t\t\t\t\t<\/div>\n\t\t\t<\/div>\n\t\t<\/div>\n\t\t\t\t\t\t<\/div>\n\t\t\t\t<\/div>\n\t\t\t\t\t<\/div>\n\t\t<\/div>\n\t\t\t\t<div class=\"elementor-column elementor-col-33 elementor-inner-column elementor-element elementor-element-997a8c1\" data-id=\"997a8c1\" data-element_type=\"column\" data-e-type=\"column\">\n\t\t\t<div class=\"elementor-widget-wrap elementor-element-populated\">\n\t\t\t\t\t\t<div class=\"elementor-element elementor-element-d818e2d elementor-widget elementor-widget-pp-team-member\" data-id=\"d818e2d\" data-element_type=\"widget\" data-e-type=\"widget\" data-settings=\"{&quot;ekit_we_effect_on&quot;:&quot;none&quot;}\" data-widget_type=\"pp-team-member.default\">\n\t\t\t\t<div class=\"elementor-widget-container\">\n\t\t\t\t\t\t\t<div class=\"pp-tm-wrapper\">\n\t\t\t<div class=\"pp-tm\">\n\t\t\t\t<div class=\"pp-tm-image\"> \n\t\t\t\t\t<img loading=\"lazy\" decoding=\"async\" width=\"200\" height=\"200\" src=\"https:\/\/www.federacionfaera.org\/sitio\/wp-content\/uploads\/2024\/04\/Foto-de-Gerardo-Suarez.jpg\" class=\"attachment-medium_large size-medium_large wp-image-10191\" alt=\"\" srcset=\"https:\/\/www.federacionfaera.org\/sitio\/wp-content\/uploads\/2024\/04\/Foto-de-Gerardo-Suarez.jpg 200w, https:\/\/www.federacionfaera.org\/sitio\/wp-content\/uploads\/2024\/04\/Foto-de-Gerardo-Suarez-150x150.jpg 150w\" sizes=\"(max-width: 200px) 100vw, 200px\" \/>\n\t\t\t\t\t\t\t\t\t<\/div>\n\t\t\t\t<div class=\"pp-tm-content pp-tm-content-normal\">\n\t\t\t\t\t\t\t\t\t<h4 class=\"pp-tm-name\">\n\t\t\t\t\t\tProf. Dr. Gerardo Su\u00e1rez \u2013 Franciscanas Misioneras de la Madre del Divino Pastor\t\t\t\t<\/h4>\n\t\t\t\t\t\t\t<div class=\"pp-tm-position\">\n\t\t\t\tVOCAL SUPLENTE\t\t\t<\/div>\n\t\t\t\t\t\t<div class=\"pp-tm-position-divider-wrap\">\n\t\t\t\t<div class=\"pp-tm-divider pp-tm-position-divider\"><\/div>\n\t\t\t<\/div>\n\t\t\t\t\t\t\t<\/div>\n\t\t\t<\/div>\n\t\t<\/div>\n\t\t\t\t\t\t<\/div>\n\t\t\t\t<\/div>\n\t\t\t\t\t<\/div>\n\t\t<\/div>\n\t\t\t\t\t<\/div>\n\t\t<\/section>\n\t\t\t\t\t<\/div>\n\t\t<\/div>\n\t\t\t\t\t<\/div>\n\t\t<\/section>\n\t\t\t\t<section class=\"elementor-section elementor-top-section elementor-element elementor-element-1921f82 elementor-section-boxed elementor-section-height-default elementor-section-height-default wd-section-disabled\" data-id=\"1921f82\" data-element_type=\"section\" data-e-type=\"section\" data-settings=\"{&quot;ekit_has_onepagescroll_dot&quot;:&quot;yes&quot;}\">\n\t\t\t\t\t\t<div class=\"elementor-container elementor-column-gap-default\">\n\t\t\t\t\t<div class=\"elementor-column elementor-col-100 elementor-top-column elementor-element elementor-element-84c5330\" data-id=\"84c5330\" data-element_type=\"column\" data-e-type=\"column\">\n\t\t\t<div class=\"elementor-widget-wrap elementor-element-populated\">\n\t\t\t\t\t\t<div class=\"elementor-element elementor-element-9e6d06c elementor-widget elementor-widget-wd_title\" data-id=\"9e6d06c\" data-element_type=\"widget\" data-e-type=\"widget\" data-settings=\"{&quot;ekit_we_effect_on&quot;:&quot;none&quot;}\" data-widget_type=\"wd_title.default\">\n\t\t\t\t<div class=\"elementor-widget-container\">\n\t\t\t\t\t\t\t\t<link rel=\"stylesheet\" id=\"wd-section-title-css\" href=\"https:\/\/www.federacionfaera.org\/sitio\/wp-content\/themes\/woodmart\/css\/parts\/el-section-title.min.css?ver=6.5.4\" type=\"text\/css\" media=\"all\" \/> \t\t\t\t\t<div class=\"title-wrapper set-mb-s reset-last-child wd-title-color-default wd-title-style-default wd-title-size-default text-center\">\n\n\t\t\t\t\t\t\t<div class=\"title-subtitle subtitle-color-default subtitle-style-default wd-fontsize-xs\">\n\t\t\t\t\tFAERA\t\t\t\t<\/div>\n\t\t\t\n\t\t\t<div class=\"liner-continer\">\n\t\t\t\t<h3 class=\"woodmart-title-container title wd-fontsize-l\">Direcci\u00f3n Ejecutiva<\/h3> \n\t\t\t\t\t\t\t<\/div>\n\n\t\t\t\t\t\t\t<div class=\"title-after_title set-cont-mb-s reset-last-child wd-fontsize-xs\">\n\t\t\t\t\t<p>Como se contempla en los Estatutos se han constituido Equipos de Delegaciones de FAERA en: Chaco, Chubut, Ciudad de Buenos Aires, C\u00f3rdoba, Entre R\u00edos, Mendoza, Misiones, Provincia de Buenos Aires, Santa Cruz, Salta, Santa Fe, Tucum\u00e1n.<\/p><p>En un futuro pr\u00f3ximo se espera constituir Delegaciones en otros puntos del pa\u00eds.<\/p><p>Para la atenci\u00f3n cotidiana, la FAERA ha creado una Direcci\u00f3n Ejecutiva que atiende de lunes a viernes de 9 a 18 hs. por WhatsApp +5491149402950 y en sede social pactando reuni\u00f3n con fecha y hora.<\/p>\t\t\t\t<\/div>\n\t\t\t\t\t<\/div>\n\t\t\t\t\t\t<\/div>\n\t\t\t\t<\/div>\n\t\t\t\t<section class=\"elementor-section elementor-inner-section elementor-element elementor-element-13084ea elementor-section-boxed elementor-section-height-default elementor-section-height-default wd-section-disabled\" data-id=\"13084ea\" data-element_type=\"section\" data-e-type=\"section\" data-settings=\"{&quot;ekit_has_onepagescroll_dot&quot;:&quot;yes&quot;}\">\n\t\t\t\t\t\t<div class=\"elementor-container elementor-column-gap-default\">\n\t\t\t\t\t<div class=\"elementor-column elementor-col-33 elementor-inner-column elementor-element elementor-element-d354472\" data-id=\"d354472\" data-element_type=\"column\" data-e-type=\"column\">\n\t\t\t<div class=\"elementor-widget-wrap elementor-element-populated\">\n\t\t\t\t\t\t<div class=\"elementor-element elementor-element-819b1cc elementor-widget elementor-widget-pp-team-member\" data-id=\"819b1cc\" data-element_type=\"widget\" data-e-type=\"widget\" data-settings=\"{&quot;ekit_we_effect_on&quot;:&quot;none&quot;}\" data-widget_type=\"pp-team-member.default\">\n\t\t\t\t<div class=\"elementor-widget-container\">\n\t\t\t\t\t\t\t<div class=\"pp-tm-wrapper\">\n\t\t\t<div class=\"pp-tm\">\n\t\t\t\t<div class=\"pp-tm-image\"> \n\t\t\t\t\t<img loading=\"lazy\" decoding=\"async\" width=\"200\" height=\"200\" src=\"https:\/\/www.federacionfaera.org\/sitio\/wp-content\/uploads\/2024\/04\/Foto-de-Gerardo-Suarez.jpg\" class=\"attachment-medium_large size-medium_large wp-image-10191\" alt=\"\" srcset=\"https:\/\/www.federacionfaera.org\/sitio\/wp-content\/uploads\/2024\/04\/Foto-de-Gerardo-Suarez.jpg 200w, https:\/\/www.federacionfaera.org\/sitio\/wp-content\/uploads\/2024\/04\/Foto-de-Gerardo-Suarez-150x150.jpg 150w\" sizes=\"(max-width: 200px) 100vw, 200px\" \/>\n\t\t\t\t\t\t\t\t\t<\/div>\n\t\t\t\t<div class=\"pp-tm-content pp-tm-content-normal\">\n\t\t\t\t\t\t\t\t\t<h4 class=\"pp-tm-name\">\n\t\t\t\t\t\tProf. Dr. Gerardo Su\u00e1rez \u2013 Franciscanas Misioneras de la Madre del Divino Pastor\t\t\t\t<\/h4>\n\t\t\t\t\t\t\t<div class=\"pp-tm-position\">\n\t\t\t\tDIRECTOR EJECUTIVO\t\t\t<\/div>\n\t\t\t\t\t\t<div class=\"pp-tm-position-divider-wrap\">\n\t\t\t\t<div class=\"pp-tm-divider pp-tm-position-divider\"><\/div>\n\t\t\t<\/div>\n\t\t\t\t\t\t\t<\/div>\n\t\t\t<\/div>\n\t\t<\/div>\n\t\t\t\t\t\t<\/div>\n\t\t\t\t<\/div>\n\t\t\t\t\t<\/div>\n\t\t<\/div>\n\t\t\t\t<div class=\"elementor-column elementor-col-33 elementor-inner-column elementor-element elementor-element-192121f\" data-id=\"192121f\" data-element_type=\"column\" data-e-type=\"column\">\n\t\t\t<div class=\"elementor-widget-wrap elementor-element-populated\">\n\t\t\t\t\t\t<div class=\"elementor-element elementor-element-0111598 elementor-widget elementor-widget-pp-team-member\" data-id=\"0111598\" data-element_type=\"widget\" data-e-type=\"widget\" data-settings=\"{&quot;ekit_we_effect_on&quot;:&quot;none&quot;}\" data-widget_type=\"pp-team-member.default\">\n\t\t\t\t<div class=\"elementor-widget-container\">\n\t\t\t\t\t\t\t<div class=\"pp-tm-wrapper\">\n\t\t\t<div class=\"pp-tm\">\n\t\t\t\t<div class=\"pp-tm-image\"> \n\t\t\t\t\t<img loading=\"lazy\" decoding=\"async\" width=\"768\" height=\"662\" src=\"https:\/\/www.federacionfaera.org\/sitio\/wp-content\/uploads\/2025\/10\/Captura-de-pantalla-2025-10-07-a-las-10.29.49-a.-m-768x662.png\" class=\"attachment-medium_large size-medium_large wp-image-10480\" alt=\"\" srcset=\"https:\/\/www.federacionfaera.org\/sitio\/wp-content\/uploads\/2025\/10\/Captura-de-pantalla-2025-10-07-a-las-10.29.49-a.-m-768x662.png 768w, https:\/\/www.federacionfaera.org\/sitio\/wp-content\/uploads\/2025\/10\/Captura-de-pantalla-2025-10-07-a-las-10.29.49-a.-m-348x300.png 348w, https:\/\/www.federacionfaera.org\/sitio\/wp-content\/uploads\/2025\/10\/Captura-de-pantalla-2025-10-07-a-las-10.29.49-a.-m-929x800.png 929w, https:\/\/www.federacionfaera.org\/sitio\/wp-content\/uploads\/2025\/10\/Captura-de-pantalla-2025-10-07-a-las-10.29.49-a.-m.png 1500w\" sizes=\"(max-width: 768px) 100vw, 768px\" \/>\n\t\t\t\t\t\t\t\t\t<\/div>\n\t\t\t\t<div class=\"pp-tm-content pp-tm-content-normal\">\n\t\t\t\t\t\t\t\t\t<h4 class=\"pp-tm-name\">\n\t\t\t\t\t\tLic. Daniela Ezcurdia\t\t\t\t<\/h4>\n\t\t\t\t\t\t\t<div class=\"pp-tm-position\">\n\t\t\t\tDIRECTORA EJECUTIVA ADJUNTA\t\t\t<\/div>\n\t\t\t\t\t\t<div class=\"pp-tm-position-divider-wrap\">\n\t\t\t\t<div class=\"pp-tm-divider pp-tm-position-divider\"><\/div>\n\t\t\t<\/div>\n\t\t\t\t\t\t\t<\/div>\n\t\t\t<\/div>\n\t\t<\/div>\n\t\t\t\t\t\t<\/div>\n\t\t\t\t<\/div>\n\t\t\t\t\t<\/div>\n\t\t<\/div>\n\t\t\t\t<div class=\"elementor-column elementor-col-33 elementor-inner-column elementor-element elementor-element-6a02903\" data-id=\"6a02903\" data-element_type=\"column\" data-e-type=\"column\">\n\t\t\t<div class=\"elementor-widget-wrap elementor-element-populated\">\n\t\t\t\t\t\t<div class=\"elementor-element elementor-element-1d69b32 elementor-widget elementor-widget-pp-team-member\" data-id=\"1d69b32\" data-element_type=\"widget\" data-e-type=\"widget\" data-settings=\"{&quot;ekit_we_effect_on&quot;:&quot;none&quot;}\" data-widget_type=\"pp-team-member.default\">\n\t\t\t\t<div class=\"elementor-widget-container\">\n\t\t\t\t\t\t\t<div class=\"pp-tm-wrapper\">\n\t\t\t<div class=\"pp-tm\">\n\t\t\t\t<div class=\"pp-tm-image\"> \n\t\t\t\t\t<img loading=\"lazy\" decoding=\"async\" width=\"768\" height=\"768\" src=\"https:\/\/www.federacionfaera.org\/sitio\/wp-content\/uploads\/2022\/12\/Fernando-Gonzalez-768x768.jpg\" class=\"attachment-medium_large size-medium_large wp-image-9332\" alt=\"\" srcset=\"https:\/\/www.federacionfaera.org\/sitio\/wp-content\/uploads\/2022\/12\/Fernando-Gonzalez-768x768.jpg 768w, https:\/\/www.federacionfaera.org\/sitio\/wp-content\/uploads\/2022\/12\/Fernando-Gonzalez-300x300.jpg 300w, https:\/\/www.federacionfaera.org\/sitio\/wp-content\/uploads\/2022\/12\/Fernando-Gonzalez-800x800.jpg 800w, https:\/\/www.federacionfaera.org\/sitio\/wp-content\/uploads\/2022\/12\/Fernando-Gonzalez-150x150.jpg 150w, https:\/\/www.federacionfaera.org\/sitio\/wp-content\/uploads\/2022\/12\/Fernando-Gonzalez-1536x1536.jpg 1536w, https:\/\/www.federacionfaera.org\/sitio\/wp-content\/uploads\/2022\/12\/Fernando-Gonzalez.jpg 1920w\" sizes=\"(max-width: 768px) 100vw, 768px\" \/>\n\t\t\t\t\t\t\t\t\t<\/div>\n\t\t\t\t<div class=\"pp-tm-content pp-tm-content-normal\">\n\t\t\t\t\t\t\t\t\t<h4 class=\"pp-tm-name\">\n\t\t\t\t\t\tProf. Lic. Fernando Gonz\u00e1lez\u200b\t\t\t\t<\/h4>\n\t\t\t\t\t\t\t<div class=\"pp-tm-position\">\n\t\t\t\tSECRETARIO EJECUTIVO\t\t\t<\/div>\n\t\t\t\t\t\t<div class=\"pp-tm-position-divider-wrap\">\n\t\t\t\t<div class=\"pp-tm-divider pp-tm-position-divider\"><\/div>\n\t\t\t<\/div>\n\t\t\t\t\t\t\t<\/div>\n\t\t\t<\/div>\n\t\t<\/div>\n\t\t\t\t\t\t<\/div>\n\t\t\t\t<\/div>\n\t\t\t\t\t<\/div>\n\t\t<\/div>\n\t\t\t\t\t<\/div>\n\t\t<\/section>\n\t\t\t\t\t<\/div>\n\t\t<\/div>\n\t\t\t\t\t<\/div>\n\t\t<\/section>\n\t\t\t\t<\/div>\n\t\t","protected":false},"excerpt":{"rendered":"<p>P. Horacio L\u00f3pez SDB PRESIDENTE Hno. Sergio Franco FSC VICEPRESIDENTE Sra. Andrea Sensi \u2013 Hijas de Mar\u00eda Auxiliadora SECRETARIA Hno.<\/p>\n","protected":false},"author":1,"featured_media":0,"parent":0,"menu_order":0,"comment_status":"closed","ping_status":"closed","template":"elementor_header_footer","meta":{"tpgb_global_settings":"","footnotes":""},"class_list":["post-10440","page","type-page","status-publish","hentry"],"tpgb_featured_images":null,"tpgb_post_meta_info":{"get_date":"7 octubre, 2025","get_modified_date":"7 octubre, 2025","author_name":"Pablo Bagnato","author_url":"https:\/\/www.federacionfaera.org\/sitio\/author\/admin\/","author_email":"pablobagnato@icloud.com","author_website":"https:\/\/www.federacionfaera.org\/sitio","author_description":"","author_facebook":"","author_twitter":"","author_instagram":"","author_role":["administrator"],"author_firstname":"Pablo","author_lastname":"Bagnato","user_login":"admin","author_avatar":"<img alt='' src='https:\/\/secure.gravatar.com\/avatar\/f3fc05d838c80c573ff0f50048f40b89f68deeb15dca661fcb5fed024f7d361b?s=200&#038;d=mm&#038;r=g' srcset='https:\/\/secure.gravatar.com\/avatar\/f3fc05d838c80c573ff0f50048f40b89f68deeb15dca661fcb5fed024f7d361b?s=400&#038;d=mm&#038;r=g 2x' class='avatar avatar-200 photo' height='200' width='200' decoding='async'\/>","author_avatar_url":"https:\/\/secure.gravatar.com\/avatar\/f3fc05d838c80c573ff0f50048f40b89f68deeb15dca661fcb5fed024f7d361b?s=96&d=mm&r=g","comment_count":0,"post_likes":0,"post_views":0},"tpgb_post_category":[],"_links":{"self":[{"href":"https:\/\/www.federacionfaera.org\/sitio\/wp-json\/wp\/v2\/pages\/10440","targetHints":{"allow":["GET"]}}],"collection":[{"href":"https:\/\/www.federacionfaera.org\/sitio\/wp-json\/wp\/v2\/pages"}],"about":[{"href":"https:\/\/www.federacionfaera.org\/sitio\/wp-json\/wp\/v2\/types\/page"}],"author":[{"embeddable":true,"href":"https:\/\/www.federacionfaera.org\/sitio\/wp-json\/wp\/v2\/users\/1"}],"replies":[{"embeddable":true,"href":"https:\/\/www.federacionfaera.org\/sitio\/wp-json\/wp\/v2\/comments?post=10440"}],"version-history":[{"count":51,"href":"https:\/\/www.federacionfaera.org\/sitio\/wp-json\/wp\/v2\/pages\/10440\/revisions"}],"predecessor-version":[{"id":10512,"href":"https:\/\/www.federacionfaera.org\/sitio\/wp-json\/wp\/v2\/pages\/10440\/revisions\/10512"}],"wp:attachment":[{"href":"https:\/\/www.federacionfaera.org\/sitio\/wp-json\/wp\/v2\/media?parent=10440"}],"curies":[{"name":"wp","href":"https:\/\/api.w.org\/{rel}","templated":true}]}}